{"id":655,"date":"2014-03-21T18:59:07","date_gmt":"2014-03-21T18:59:07","guid":{"rendered":"http:\/\/www.masdelesvinyes.com\/vinos-do-montsant\/vi-montsant-crianca-do-montsant\/"},"modified":"2019-01-03T14:50:57","modified_gmt":"2019-01-03T14:50:57","slug":"vinos-crianza-do-montsant","status":"publish","type":"page","link":"https:\/\/www.masdelesvinyes.com\/es\/vinos-do-montsant\/vinos-crianza-do-montsant\/","title":{"rendered":"RACO D&#8217;ATANS SELECCI\u00d3 CRIAN\u00c7A 2003 MONTSANT DO"},"content":{"rendered":"<h1>RACO D&#8217;ATANS SELECCI\u00d3 CRIAN\u00c7A 2003 MONTSANT DO<\/h1>\n<p style=\"text-align: center;\"><div class=\"divider\"><\/div>\n<div class=\"one_fourth\">\n<img loading=\"lazy\" decoding=\"async\" class=\"wp-image-21 aligncenter\" style=\"margin-top: 2px; margin-bottom: 2px;\" src=\"http:\/\/www.masdelesvinyes.com\/wp-content\/uploads\/2014\/02\/vinoS-RESERVA-do-montsant.jpg\" alt=\"vinoS-RESERVA-do-montsant\" width=\"231\" height=\"139\" \/><br \/>\n<img loading=\"lazy\" decoding=\"async\" class=\"wp-image-18 aligncenter\" style=\"margin-top: 2px; margin-bottom: 2px;\" title=\"VINS-DO-MONTSANT-RESERVA\" src=\"http:\/\/www.masdelesvinyes.com\/wp-content\/uploads\/2014\/04\/vi-negre-MONTSANT-crian\u00e7a-Raco-datans.jpg\" alt=\"VINS-DO-MONTSANT-RESERVA\" width=\"231\" height=\"323\" \/><br \/>\n<img loading=\"lazy\" decoding=\"async\" class=\"wp-image-104 aligncenter\" style=\"margin-top: 2px; margin-bottom: 2px;\" src=\"http:\/\/www.masdelesvinyes.com\/wp-content\/uploads\/2014\/02\/do_montsant.jpg\" alt=\"Vins DO Montsant\" width=\"124\" height=\"33\" \/><br \/>\n<\/div>\n<div class=\"three_fourth last_column\">\n<strong> Rac\u00f3 \u00a0d&#8217;Atans Selecci\u00f3 <\/strong>es un<strong> vino DO Montsant diferente.<\/strong>\u00a0<strong>La Crianza del vino en barricas nuevas de roble franc\u00e9s<\/strong> y gracias a una cuidadosa <strong>selecci\u00f3n de nuestras cepas m\u00e1s antiguas,<\/strong> este <strong>Vino de Crianza<\/strong> representa como pocos otros la <strong>Evoluci\u00f3n del vino<\/strong> en su habitat m\u00e1s frecuente, la botella.<\/p>\n<p><strong>La madurez y la dulzura de los a\u00f1os<\/strong> aparecen firmemente en este vino, con un deseo de dignidad, de presente, de querer demostrar que <strong>todav\u00eda hoy es un vino sorprendentemente actual.<br \/>\n<\/strong><\/p>\n<p>El Maridaje con carnes de todo tipos luce como pocos otros vinos, pero no nos resistimos a recomendarlo con golosinas, como por ejemplo el \u00abcodonyat\u00bb (carne de membrillo) t\u00edpico de nuestro oto\u00f1o.<\/p>\n\n<table class=\"custom-table\"  class=\"custom-table\" summary=\"Sample Table\">\n<thead>\n<tr>\n<th scope=\"col\">Vino Montsant DO<\/th>\n<th scope=\"col\">Coupage<\/th>\n<th scope=\"col\">Nota de Cata<\/th>\n<th scope=\"col\">%Vol<\/th>\n<\/tr>\n<\/thead>\n<tbody>\n<tr>\n<td>Vino Crianza<\/td>\n<td>Cabernet Sauvignon, Merlot, Garnacha, Cari\u00f1ena<\/td>\n<td>De color granate intenso, con se\u00f1ales del paso del tiempo pero todav\u00eda muy vivo. Una nariz redonda, dulce, muy compacta debido a unas frutas muy maduras y a la elegancia de la madera. En boca encontramos mucho cuerpo, concentraci\u00f3n, y taninos con mucha finura y elegancia. Un vino muy completo.<\/td>\n<td>14,5\u00ba<\/td>\n<\/tr>\n<tr>\n<td><\/td>\n<td><\/td>\n<td><strong>\u00a0Crianza: 12 meses en barricas nuevas de Roble Franc\u00e9s<\/strong><\/td>\n<td><\/td>\n<\/tr>\n<tr>\n<td><\/td>\n<td><\/td>\n<td><strong>PVP:<\/strong><\/td>\n<td>14,80\u20ac<\/td>\n<\/tr>\n<\/tbody>\n<tfoot>\n<tr>\n<td colspan=\"4\">\n<p style=\"text-align: right;\">*Transport incl\u00f2s.<\/p>\n<p>Vendimia: Octubre<br \/>\nProducci\u00f3n anual: 4000 Botellas.<\/td>\n<\/tr>\n<\/tfoot>\n<\/table>\n\n<\/div>\n<div class=\"divider\"><\/div>\n<div class=\"one_half\">\n<img loading=\"lazy\" decoding=\"async\" class=\"alignnone wp-image-216\" title=\"vi negre montsant-vi crina\u00e7a montsant\" src=\"http:\/\/www.masdelesvinyes.com\/wp-content\/uploads\/2014\/03\/vi-negre-montsant-raco-datans-seleccio.jpg\" alt=\"vi negre montsant-vi crina\u00e7a montsant\" width=\"785\" height=\"1242\" \/><br \/>\n<\/div>\n<div class=\"one_half last_column\">\n<p style=\"text-align: center;\"><span style=\"font-size: 20px; color: #cc0c4c; line-height: 26px;\"><strong>Rac\u00f3 d&#8217;Atans Selecci\u00f3 Crian\u00e7a 2003 Montsant DO<\/strong> &#8230; \u00bb Tiempo, Oto\u00f1o, Edad&#8230; ESPLENDOR\u00a0! \u00ab<\/span><\/p>\n<p style=\"text-align: center;\"><span style=\"font-size: 32px; color: #afcc08; line-height: 40px;\">&gt; Informaci\u00f3n i Pedidos:<\/span><\/p>\n<p style=\"text-align: center;\"><span style=\"font-size: 32px; color: #afcc08; line-height: 40px;\">+652 568 848<\/span><br \/>\n<span style=\"color: #000000; font-size: 16px;\"><span style=\"color: #000000; line-height: 24px; margin-right: 0px;\">\u00a0<a title=\"vins do montsant\" href=\"mailto:josep@masdelesvinyes.com\">josep@masdelesvinyes.com<\/a><\/span><\/span><\/p>\n<p style=\"text-align: center;\">\n<div class=\"wpcf7 no-js\" id=\"wpcf7-f2472-o1\" lang=\"ca\" dir=\"ltr\" data-wpcf7-id=\"2472\">\n<div class=\"screen-reader-response\"><p role=\"status\" aria-live=\"polite\" aria-atomic=\"true\"><\/p> <ul><\/ul><\/div>\n<form action=\"\/es\/wp-json\/wp\/v2\/pages\/655#wpcf7-f2472-o1\" method=\"post\" class=\"wpcf7-form init\" aria-label=\"Formulari de contacte\" novalidate=\"novalidate\" data-status=\"init\">\n<fieldset class=\"hidden-fields-container\"><input type=\"hidden\" name=\"_wpcf7\" value=\"2472\" \/><input type=\"hidden\" name=\"_wpcf7_version\" value=\"6.1.5\" \/><input type=\"hidden\" name=\"_wpcf7_locale\" value=\"ca\" \/><input type=\"hidden\" name=\"_wpcf7_unit_tag\" value=\"wpcf7-f2472-o1\" \/><input type=\"hidden\" name=\"_wpcf7_container_post\" value=\"0\" \/><input type=\"hidden\" name=\"_wpcf7_posted_data_hash\" value=\"\" \/><input type=\"hidden\" name=\"_wpcf7_recaptcha_response\" value=\"\" \/>\n<\/fieldset>\n<p>Nombre completo*\n<\/p>\n<p><span class=\"wpcf7-form-control-wrap\" data-name=\"your-name\"><input size=\"40\" maxlength=\"400\" class=\"wpcf7-form-control wpcf7-text wpcf7-validates-as-required\" aria-required=\"true\" aria-invalid=\"false\" value=\"\" type=\"text\" name=\"your-name\" \/><\/span>\n<\/p>\n<p>Email*\n<\/p>\n<p><span class=\"wpcf7-form-control-wrap\" data-name=\"your-email\"><input size=\"40\" maxlength=\"400\" class=\"wpcf7-form-control wpcf7-email wpcf7-validates-as-required wpcf7-text wpcf7-validates-as-email\" aria-required=\"true\" aria-invalid=\"false\" value=\"\" type=\"email\" name=\"your-email\" \/><\/span>\n<\/p>\n<p>Tel\u00e9fono\n<\/p>\n<p><span class=\"wpcf7-form-control-wrap\" data-name=\"your-Telefon\"><input size=\"40\" maxlength=\"400\" class=\"wpcf7-form-control wpcf7-text\" aria-invalid=\"false\" value=\"\" type=\"text\" name=\"your-Telefon\" \/><\/span>\n<\/p>\n<p>Poblaci\u00f3n\n<\/p>\n<p><span class=\"wpcf7-form-control-wrap\" data-name=\"Poblacio\"><input size=\"40\" maxlength=\"400\" class=\"wpcf7-form-control wpcf7-text wpcf7-validates-as-required\" aria-required=\"true\" aria-invalid=\"false\" value=\"\" type=\"text\" name=\"Poblacio\" \/><\/span>\n<\/p>\n<p>N\u00ba de cajas\n<\/p>\n<p><span class=\"wpcf7-form-control-wrap\" data-name=\"your-subject\"><input size=\"40\" maxlength=\"400\" class=\"wpcf7-form-control wpcf7-text\" aria-invalid=\"false\" value=\"\" type=\"text\" name=\"your-subject\" \/><\/span>\n<\/p>\n<p>Comentario\n<\/p>\n<p><span class=\"wpcf7-form-control-wrap\" data-name=\"your-message\"><textarea cols=\"40\" rows=\"10\" maxlength=\"2000\" class=\"wpcf7-form-control wpcf7-textarea\" aria-invalid=\"false\" name=\"your-message\"><\/textarea><\/span>\n<\/p>\n<p>RGPD: <span class=\"wpcf7-form-control-wrap\" data-name=\"Accepto_RGPD\"><span class=\"wpcf7-form-control wpcf7-acceptance\"><span class=\"wpcf7-list-item\"><input type=\"checkbox\" name=\"Accepto_RGPD\" value=\"1\" aria-invalid=\"false\" \/><\/span><\/span><\/span> Yo, el Interesado, he le\u00eddo la <b>informaci\u00f3n b\u00e1sica sobre protecci\u00f3n de datos <\/b> y doy mi consentimiento expreso para el tratamiento leg\u00edtimo de mis datos personales a MAS DE LES VINYES.\n<\/p>\n\n<p><input class=\"wpcf7-form-control wpcf7-submit has-spinner\" type=\"submit\" value=\"FINALIZAR\" \/>\n<\/p>\n<div class=\"ln\">\n\t<p><b>INFORMACI\u00d3N B\u00c1SICA SOBRE PROTECCI\u00d3N DE DATOS<\/b>\n\t<\/p>\n\t<p>De conformidad con el Reglamento (UE) 2016\/679, de 27 de abril de 2016, relativo a la protecci\u00f3n de las personas f\u00edsicas en lo que respecta al tratamiento de datos personales ya la libre circulaci\u00f3n de estos datos (RGPD) y la normativa en Protecci\u00f3n de Datos que corresponda, MAS DE LES VINYES informa:\n\t<\/p>\n\t<ul>\n\t\t<li>\n\t\t\t<p><b>Responsable del Tratamiento<\/b>: Mas de Les Vinyes\u00a0<a href=\"https:\/\/www.masdelesvinyes.com\/es\/aviso-legal-y-politica-de-privacidad\/\" target=\"_blank\">+ info<\/a>\n\t\t\t<\/p>\n\t\t<\/li>\n\t\t<li>\n\t\t\t<p><b>Finalidad<\/b>: Responder a su petici\u00f3n.\n\t\t\t<\/p>\n\t\t<\/li>\n\t\t<li>\n\t\t\t<p><b>Legitimaci\u00f3n<\/b>: Consentimiento expreso del interesado.\n\t\t\t<\/p>\n\t\t<\/li>\n\t\t<li>\n\t\t\t<p><b>Destinatarios<\/b>: No se ceder\u00e1n datos a terceros salvo obligaci\u00f3n legal.<a href=\"https:\/\/www.masdelesvinyes.com\/es\/aviso-legal-y-politica-de-privacidad\/\" target=\"_blank\">+ info<\/a>\n\t\t\t<\/p>\n\t\t<\/li>\n\t\t<li>\n\t\t\t<p><b>Derechos<\/b>: Acceder, rectificar y suprimir los datos, as\u00ed como otros derechos, como se explica en la informaci\u00f3n adicional.\n\t\t\t<\/p>\n\t\t<\/li>\n\t\t<li>\n\t\t\t<p><b>M\u00e1s informaci\u00f3n<\/b>: Puede consultar la informaci\u00f3n adicional y detallada sobre nuestra pol\u00edtica de Protecci\u00f3n de Datos en nuestra p\u00e1gina web: <a href=\"https:\/\/www.masdelesvinyes.com\/es\/aviso-legal-y-politica-de-privacidad\/\" target=\"_blank\">+ info<\/a>\n\t\t\t<\/p>\n\t\t<\/li>\n\t<\/ul>\n<\/div><div class=\"wpcf7-response-output\" aria-hidden=\"true\"><\/div>\n<\/form>\n<\/div>\n\n<\/div>\n","protected":false},"excerpt":{"rendered":"<p>RACO D&#8217;ATANS SELECCI\u00d3 CRIAN\u00c7A 2003 MONTSANT DO<\/p>\n","protected":false},"author":5,"featured_media":0,"parent":471,"menu_order":0,"comment_status":"closed","ping_status":"closed","template":"page-FullWidth.php","meta":{"footnotes":""},"class_list":["post-655","page","type-page","status-publish","hentry"],"_links":{"self":[{"href":"https:\/\/www.masdelesvinyes.com\/es\/wp-json\/wp\/v2\/pages\/655","targetHints":{"allow":["GET"]}}],"collection":[{"href":"https:\/\/www.masdelesvinyes.com\/es\/wp-json\/wp\/v2\/pages"}],"about":[{"href":"https:\/\/www.masdelesvinyes.com\/es\/wp-json\/wp\/v2\/types\/page"}],"author":[{"embeddable":true,"href":"https:\/\/www.masdelesvinyes.com\/es\/wp-json\/wp\/v2\/users\/5"}],"replies":[{"embeddable":true,"href":"https:\/\/www.masdelesvinyes.com\/es\/wp-json\/wp\/v2\/comments?post=655"}],"version-history":[{"count":9,"href":"https:\/\/www.masdelesvinyes.com\/es\/wp-json\/wp\/v2\/pages\/655\/revisions"}],"predecessor-version":[{"id":2477,"href":"https:\/\/www.masdelesvinyes.com\/es\/wp-json\/wp\/v2\/pages\/655\/revisions\/2477"}],"up":[{"embeddable":true,"href":"https:\/\/www.masdelesvinyes.com\/es\/wp-json\/wp\/v2\/pages\/471"}],"wp:attachment":[{"href":"https:\/\/www.masdelesvinyes.com\/es\/wp-json\/wp\/v2\/media?parent=655"}],"curies":[{"name":"wp","href":"https:\/\/api.w.org\/{rel}","templated":true}]}}