{"id":649,"date":"2014-03-21T18:27:27","date_gmt":"2014-03-21T18:27:27","guid":{"rendered":"http:\/\/www.masdelesvinyes.com\/vinos-do-montsant\/vi-crianca-negre-do-montsant\/"},"modified":"2026-05-08T09:18:38","modified_gmt":"2026-05-08T09:18:38","slug":"vino-tinto-crianza-do-montsant","status":"publish","type":"page","link":"https:\/\/www.masdelesvinyes.com\/es\/vinos-do-montsant\/vino-tinto-crianza-do-montsant\/","title":{"rendered":"RAC\u00d3 D&#8217;ATANS CRIAN\u00c7A 2020 DO MONTSANT"},"content":{"rendered":"<h1>RAC\u00d3 D&#8217;ATANS CRIANZA 2020 DO MONTSANT<\/h1>\n<div class=\"divider\"><\/div>\n<div class=\"one_fourth\">\n<img loading=\"lazy\" decoding=\"async\" class=\"aligncenter wp-image-2684 size-large\" style=\"margin-top: 2px; margin-bottom: 2px;\" title=\"vino crianza do montsant\" src=\"https:\/\/www.masdelesvinyes.com\/wp-content\/uploads\/2021\/06\/Raco-dAtans-Mas-de-les-vinyes-do-montsant.jpg\" alt=\"RAC\u00d3 D'ATANS CRIANZA DO MONTSANT\" width=\"315\" height=\"1024\" \/> <\/p>\n<p><a href=\"http:\/\/www.masdelesvinyes.com\/wp-content\/uploads\/2014\/02\/do_montsant.jpg\" rel=\"wp-prettyPhoto[649]\" data-rel=\"lightbox-image-0\" data-rl_title=\"\" data-rl_caption=\"\" title=\"\"><br \/>\n<img loading=\"lazy\" decoding=\"async\" class=\"wp-image-104 aligncenter\" style=\"margin-top: 2px; margin-bottom: 2px;\" src=\"http:\/\/www.masdelesvinyes.com\/wp-content\/uploads\/2014\/02\/do_montsant.jpg\" alt=\"Vinos DO Montsant\" width=\"122\" height=\"32\" \/><br \/>\n<\/a><br \/>\n<\/div>\n<div class=\"three_fourth last_column\">\n<p><strong>Rac\u00f3 d&#8217;Atans 2020<\/strong> es un gran ejemplo del paso del tiempo hecho con elegancia, reposo y calidad. Este <strong>Vino Tinto Crianza DO Montsant<\/strong> mantiene el vigor de un vino corpulento y complejo, propio de nuestras tierras, gracias a su crianza primero en barricas y posteriormente en botella.<\/p>\n<p>Elaborado con <strong>Cabernet Sauvignon, Merlot y Syrah<\/strong>, es ideal para disfrutar con carnes rojas, carnes de caza, guisos y cualquier plato con la esencia de la cocina tradicional.<\/p>\n\n<table class=\"custom-table\"  class=\"custom-table\" summary=\"Sample Table\">\n<thead>\n<tr>\n<th scope=\"col\">Vino DO Montsant<\/th>\n<th scope=\"col\">Coupage de variedades<\/th>\n<th scope=\"col\">Nota de cata<\/th>\n<th scope=\"col\">Graduaci\u00f3n<\/th>\n<\/tr>\n<\/thead>\n<tbody>\n<tr>\n<td>Rac\u00f3 d&#8217;Atans Crianza 2020<\/td>\n<td>\nCabernet Sauvignon,<br \/>\nMerlot,<br \/>\nSyrah\n<\/td>\n<td>\nDe color granate intenso, presenta una nariz elegante con notas de especias, fruta madura y recuerdos de crianza. En boca es corpulento, equilibrado y meloso, con taninos maduros y una excelente integraci\u00f3n entre el vino y la barrica.\n<\/td>\n<td>15\u00ba<\/td>\n<\/tr>\n<tr>\n<td><\/td>\n<td><\/td>\n<td><strong>Crianza: 12 meses en barricas de roble franc\u00e9s<\/strong><\/td>\n<td><\/td>\n<\/tr>\n<\/tbody>\n<tfoot>\n<tr>\n<td colspan=\"4\">\nVendimia: Octubre<br \/>\nProducci\u00f3n anual: 6.500 botellas.\n<\/td>\n<\/tr>\n<\/tfoot>\n<\/table>\n\n<\/div>\n<div class=\"divider\"><\/div>\n<p style=\"text-align: center;\">\n<span style=\"font-size: 20px; color: #423f36; line-height: 26px;\"><br \/>\nRac\u00f3 d&#8217;Atans Crianza DO Montsant: Elegancia, paso del tiempo y equilibrio<br \/>\n<\/span>\n<\/p>\n<div class=\"divider\"><\/div>\n<p style=\"text-align: center;\">\n<span style=\"font-size: 32px; color: #969178; line-height: 40px;\"><br \/>\nInformaci\u00f3n y Pedidos<br \/>\n<\/span>\n<\/p>\n<p style=\"text-align: center;\">\n<span style=\"font-size: 32px; color: #000000; line-height: 40px;\"><br \/>\n+652 568 848<br \/>\n<\/span><\/p>\n<p><span style=\"color: #000000; font-size: 16px;\"><br \/>\n<span style=\"color: #000000; line-height: 24px; margin-right: 0px;\"><br \/>\n <a title=\"Comprar Vinos Montsant\" href=\"mailto:josep@masdelesvinyes.com\">josep@masdelesvinyes.com<\/a><br \/>\n<\/span><br \/>\n<\/span>\n<\/p>\n<p style=\"text-align: center;\">\n\n<div class=\"wpcf7 no-js\" id=\"wpcf7-f149-o1\" lang=\"ca\" dir=\"ltr\" data-wpcf7-id=\"149\">\n<div class=\"screen-reader-response\"><p role=\"status\" aria-live=\"polite\" aria-atomic=\"true\"><\/p> <ul><\/ul><\/div>\n<form action=\"\/es\/wp-json\/wp\/v2\/pages\/649#wpcf7-f149-o1\" method=\"post\" class=\"wpcf7-form init\" aria-label=\"Formulari de contacte\" novalidate=\"novalidate\" data-status=\"init\">\n<fieldset class=\"hidden-fields-container\"><input type=\"hidden\" name=\"_wpcf7\" value=\"149\" \/><input type=\"hidden\" name=\"_wpcf7_version\" value=\"6.1.5\" \/><input type=\"hidden\" name=\"_wpcf7_locale\" value=\"ca\" \/><input type=\"hidden\" name=\"_wpcf7_unit_tag\" value=\"wpcf7-f149-o1\" \/><input type=\"hidden\" name=\"_wpcf7_container_post\" value=\"0\" \/><input type=\"hidden\" name=\"_wpcf7_posted_data_hash\" value=\"\" \/><input type=\"hidden\" name=\"_wpcf7_recaptcha_response\" value=\"\" \/>\n<\/fieldset>\n<p>Nom(obligatori)\n<\/p>\n<p><span class=\"wpcf7-form-control-wrap\" data-name=\"your-name\"><input size=\"40\" maxlength=\"400\" class=\"wpcf7-form-control wpcf7-text wpcf7-validates-as-required\" aria-required=\"true\" aria-invalid=\"false\" value=\"\" type=\"text\" name=\"your-name\" \/><\/span>\n<\/p>\n<p>Email(obligatori)\n<\/p>\n<p><span class=\"wpcf7-form-control-wrap\" data-name=\"your-email\"><input size=\"40\" maxlength=\"400\" class=\"wpcf7-form-control wpcf7-email wpcf7-validates-as-required wpcf7-text wpcf7-validates-as-email\" aria-required=\"true\" aria-invalid=\"false\" value=\"\" type=\"email\" name=\"your-email\" \/><\/span>\n<\/p>\n<p>Tel\u00e8fon\n<\/p>\n<p><span class=\"wpcf7-form-control-wrap\" data-name=\"your-Telefon\"><input size=\"40\" maxlength=\"400\" class=\"wpcf7-form-control wpcf7-text\" aria-invalid=\"false\" value=\"\" type=\"text\" name=\"your-Telefon\" \/><\/span>\n<\/p>\n<p>Poblaci\u00f3\n<\/p>\n<p><span class=\"wpcf7-form-control-wrap\" data-name=\"Poblacio\"><input size=\"40\" maxlength=\"400\" class=\"wpcf7-form-control wpcf7-text wpcf7-validates-as-required\" aria-required=\"true\" aria-invalid=\"false\" value=\"\" type=\"text\" name=\"Poblacio\" \/><\/span>\n<\/p>\n<p>N\u00ba de caixes\n<\/p>\n<p><span class=\"wpcf7-form-control-wrap\" data-name=\"your-subject\"><input size=\"40\" maxlength=\"400\" class=\"wpcf7-form-control wpcf7-text\" aria-invalid=\"false\" value=\"\" type=\"text\" name=\"your-subject\" \/><\/span>\n<\/p>\n<p>Comentari\n<\/p>\n<p><span class=\"wpcf7-form-control-wrap\" data-name=\"your-message\"><textarea cols=\"40\" rows=\"10\" maxlength=\"2000\" class=\"wpcf7-form-control wpcf7-textarea\" aria-invalid=\"false\" name=\"your-message\"><\/textarea><\/span>\n<\/p>\n<p><span class=\"wpcf7-form-control-wrap\" data-name=\"Accepto_RGPD\"><span class=\"wpcf7-form-control wpcf7-acceptance\"><span class=\"wpcf7-list-item\"><input type=\"checkbox\" name=\"Accepto_RGPD\" value=\"1\" aria-invalid=\"false\" \/><\/span><\/span><\/span>Yo, l'Interessat, he llegit la <b>informaci\u00f3 b\u00e0sica sobre protecci\u00f3 de dades<\/b> i dono el meu consentiment expr\u00e8s pel tractament leg\u00edtim de les meves dades personals a Mas de les Vinyes.\n<\/p>\n\n<p><input class=\"wpcf7-form-control wpcf7-submit has-spinner\" type=\"submit\" value=\"FINALITZAR\" \/>\n<\/p>\n<div class=\"ln\">\n\t<p><b>INFORMACI\u00d3 B\u00c0SICA SOBRE PROTECCI\u00d3 DE DADES<\/b>\n\t<\/p>\n\t<p>De conformitat amb el Reglament (UE) 2016\/679, de 27 d'abril de 2016, relatiu a la protecci\u00f3 de les persones f\u00edsiques pel que fa al tractament de dades personals i a la lliure circulaci\u00f3 d'aquestes dades (RGPD) i la normativa en Protecci\u00f3 de Dades que correspongui, MAS DE LES VINYES informa:\n\t<\/p>\n\t<ul>\n\t\t<li>\n\t\t\t<p><b>Responsable del Tractament<\/b>: Mas de Les Vinyes\u00a0<a href=\"https:\/\/www.masdelesvinyes.com\/avis-legal-i-politica-de-privacitat\/\" target=\"_blank\">+ info<\/a>\n\t\t\t<\/p>\n\t\t<\/li>\n\t\t<li>\n\t\t\t<p><b>Finalitat<\/b>: Respondre a la seva petici\u00f3 \/ Subscripci\u00f3 i enviament d'informaci\u00f3 previ consentiment.\n\t\t\t<\/p>\n\t\t<\/li>\n\t\t<li>\n\t\t\t<p><b>Legitimaci\u00f3<\/b>: Consentiment expr\u00e9s de l'interessat.\n\t\t\t<\/p>\n\t\t<\/li>\n\t\t<li>\n\t\t\t<p><b>Destinataris<\/b>: No es cediran dades a tercers, excepte obligaci\u00f3 legal.<a href=\"https:\/\/www.masdelesvinyes.com\/avis-legal-i-politica-de-privacitat\/\" target=\"_blank\">+ info<\/a>\n\t\t\t<\/p>\n\t\t<\/li>\n\t\t<li>\n\t\t\t<p><b>Drets<\/b>: Accedir, rectificar i suprimir les dades, aix\u00ed com altres drets, com s'explica en la informaci\u00f3 addicional.\n\t\t\t<\/p>\n\t\t<\/li>\n\t\t<li>\n\t\t\t<p><b>M\u00e9s informaci\u00f3<\/b>: Pot consultar la informaci\u00f3 addicional i detallada sobre la nostra pol\u00edtica de Protecci\u00f3 de Dades a la nostra p\u00e0gina web <a href=\"https:\/\/www.masdelesvinyes.com\/avis-legal-i-politica-de-privacitat\/\" target=\"_blank\">+ info<\/a>\n\t\t\t<\/p>\n\t\t<\/li>\n\t<\/ul>\n<\/div><div class=\"wpcf7-response-output\" aria-hidden=\"true\"><\/div>\n<\/form>\n<\/div>\n\n","protected":false},"excerpt":{"rendered":"<p>RAC\u00d3 D&#8217;ATANS CRIANZA 2020 DO MONTSANT Rac\u00f3 d&#8217;Atans Crianza DO Montsant: Elegancia, paso del tiempo y equilibrio Informaci\u00f3n y Pedidos +652 568 848 josep@masdelesvinyes.com<\/p>\n","protected":false},"author":5,"featured_media":0,"parent":471,"menu_order":0,"comment_status":"closed","ping_status":"closed","template":"page-FullWidth.php","meta":{"footnotes":""},"class_list":["post-649","page","type-page","status-publish","hentry"],"_links":{"self":[{"href":"https:\/\/www.masdelesvinyes.com\/es\/wp-json\/wp\/v2\/pages\/649","targetHints":{"allow":["GET"]}}],"collection":[{"href":"https:\/\/www.masdelesvinyes.com\/es\/wp-json\/wp\/v2\/pages"}],"about":[{"href":"https:\/\/www.masdelesvinyes.com\/es\/wp-json\/wp\/v2\/types\/page"}],"author":[{"embeddable":true,"href":"https:\/\/www.masdelesvinyes.com\/es\/wp-json\/wp\/v2\/users\/5"}],"replies":[{"embeddable":true,"href":"https:\/\/www.masdelesvinyes.com\/es\/wp-json\/wp\/v2\/comments?post=649"}],"version-history":[{"count":38,"href":"https:\/\/www.masdelesvinyes.com\/es\/wp-json\/wp\/v2\/pages\/649\/revisions"}],"predecessor-version":[{"id":3711,"href":"https:\/\/www.masdelesvinyes.com\/es\/wp-json\/wp\/v2\/pages\/649\/revisions\/3711"}],"up":[{"embeddable":true,"href":"https:\/\/www.masdelesvinyes.com\/es\/wp-json\/wp\/v2\/pages\/471"}],"wp:attachment":[{"href":"https:\/\/www.masdelesvinyes.com\/es\/wp-json\/wp\/v2\/media?parent=649"}],"curies":[{"name":"wp","href":"https:\/\/api.w.org\/{rel}","templated":true}]}}