{"id":630,"date":"2014-02-05T11:51:17","date_gmt":"2014-02-05T11:51:17","guid":{"rendered":"http:\/\/www.masdelesvinyes.com\/vinos-do-montsant\/vi-blanc-montsant-do-montsant\/"},"modified":"2024-01-26T16:45:48","modified_gmt":"2024-01-26T16:45:48","slug":"vino-blanco-montsant-do-montsant","status":"publish","type":"page","link":"https:\/\/www.masdelesvinyes.com\/es\/vinos-do-montsant\/vino-blanco-montsant-do-montsant\/","title":{"rendered":"MAS DE LES VINYES BLANC 2023 DO MONTSANT"},"content":{"rendered":"<div class=\"clear\"><\/div>\n<h1>MAS DE LES VINYES BLANC 2023 DO MONTSANT<\/h1>\n<div class=\"divider\"><\/div>\n<div class=\"one_fourth\">\n<img loading=\"lazy\" decoding=\"async\" class=\"aligncenter wp-image-2661 size-large\" src=\"https:\/\/www.masdelesvinyes.com\/wp-content\/uploads\/2021\/06\/Mas-de-les-vinyes-blanc-do-montsant.jpg\" alt=\"VINS DO MONTSANT MAS DE LES VINYES\" width=\"315\" height=\"1024\" \/><br \/>\n<\/div>\n<div class=\"three_fourth last_column\">\n<iframe loading=\"lazy\" src=\"\/\/www.youtube.com\/embed\/Btm30Qu-VE8?list=PLK5VsO3UZuZbiEReK2Y-yMCNfjHWElFak\" width=\"670\" height=\"370\" frameborder=\"0\" allowfullscreen=\"allowfullscreen\"><\/iframe><br \/>\n<div class=\"divider\"><\/div>\nFlores, Frescura\u00a0y Alegr\u00eda son las caracter\u00edsticas m\u00e1s destacables de este <strong>Vino Blanco DO Montsant<\/strong>. Se trata de un <strong>vino Blanco Montsan<\/strong>t elaborado con\u00a0<strong>Macabeu<\/strong>, de\u00a0cepas de m\u00e1s de 50 a\u00f1os de antig\u00fcedad.<br \/>\nUn vino ideal para acompa\u00f1ar con aperitivos dulces y salados, carnes suaves, pizzas artesanas, pescados y pasta. Debido a su frescor, pero al mismo tiempo su madurez y grado, se trata de <strong>un vino muy adecuado para la mayor\u00eda de nuestros platos de la cocina mediterr\u00e1nea<\/strong>.<\/p>\n\n<table class=\"custom-table\"  class=\"custom-table\" summary=\"Sample Table\">\n<thead>\n<tr>\n<th scope=\"col\">Vino Montsant DO<\/th>\n<th scope=\"col\">Coupage<\/th>\n<th scope=\"col\">Nota de Cata<\/th>\n<th scope=\"col\">%Vol<\/th>\n<\/tr>\n<\/thead>\n<tbody>\n<tr>\n<td>Vi Blanc Jove<\/td>\n<td>80% Macabeu<br \/>\n20% Garnacha blanca<\/td>\n<td>Color amarillo paja, destaca para ser un vino muy perfumado con toques c\u00edtricos y con aromas tropicales. Entrada en boca fresca y muy agradable, donde destaca un final muy corpulento<\/td>\n<td>13\u00ba<\/td>\n<\/tr>\n<\/tbody>\n<tfoot>\n<tr>\n<td colspan=\"4\">Vendimia: Septiembre<br \/>\nProducci\u00f3n anual: 5.000 Botellass.<\/td>\n<\/tr>\n<\/tfoot>\n<\/table>\n<p style=\"text-align: center;\">\n<div class=\"clear\"><\/div>\n<\/div>\n<div class=\"divider\"><\/div>\n<p style=\"text-align: center;\"><span style=\"font-size: 26px; color: #423f36; line-height: 40px;\">Mas de les Vinyes Blanc DO Montsant: Flores, Frescor y Alegr\u00eda.<\/span><\/p>\n<div class=\"divider\"><\/div>\n<p style=\"text-align: center;\"><span style=\"font-size: 32px; color: #969178; line-height: 40px;\">Informaci\u00f3n y Pedidos<\/span><\/p>\n<p style=\"text-align: center;\"><span style=\"font-size: 32px; color: #000000; line-height: 40px;\">+652 568 848<\/span><br \/>\n<span style=\"color: #000000; font-size: 16px;\"><span style=\"color: #000000; line-height: 24px; margin-right: 0px;\">\u00a0<a title=\"comprar vinos montsant\" href=\"mailto:josep@masdelesvinyes.com\">josep@masdelesvinyes.com<\/a><\/span><\/span><\/p>\n<p style=\"text-align: center;\">\n<div class=\"wpcf7 no-js\" id=\"wpcf7-f2472-o1\" lang=\"ca\" dir=\"ltr\" data-wpcf7-id=\"2472\">\n<div class=\"screen-reader-response\"><p role=\"status\" aria-live=\"polite\" aria-atomic=\"true\"><\/p> <ul><\/ul><\/div>\n<form action=\"\/es\/wp-json\/wp\/v2\/pages\/630#wpcf7-f2472-o1\" method=\"post\" class=\"wpcf7-form init\" aria-label=\"Formulari de contacte\" novalidate=\"novalidate\" data-status=\"init\">\n<fieldset class=\"hidden-fields-container\"><input type=\"hidden\" name=\"_wpcf7\" value=\"2472\" \/><input type=\"hidden\" name=\"_wpcf7_version\" value=\"6.1.5\" \/><input type=\"hidden\" name=\"_wpcf7_locale\" value=\"ca\" \/><input type=\"hidden\" name=\"_wpcf7_unit_tag\" value=\"wpcf7-f2472-o1\" \/><input type=\"hidden\" name=\"_wpcf7_container_post\" value=\"0\" \/><input type=\"hidden\" name=\"_wpcf7_posted_data_hash\" value=\"\" \/><input type=\"hidden\" name=\"_wpcf7_recaptcha_response\" value=\"\" \/>\n<\/fieldset>\n<p>Nombre completo*\n<\/p>\n<p><span class=\"wpcf7-form-control-wrap\" data-name=\"your-name\"><input size=\"40\" maxlength=\"400\" class=\"wpcf7-form-control wpcf7-text wpcf7-validates-as-required\" aria-required=\"true\" aria-invalid=\"false\" value=\"\" type=\"text\" name=\"your-name\" \/><\/span>\n<\/p>\n<p>Email*\n<\/p>\n<p><span class=\"wpcf7-form-control-wrap\" data-name=\"your-email\"><input size=\"40\" maxlength=\"400\" class=\"wpcf7-form-control wpcf7-email wpcf7-validates-as-required wpcf7-text wpcf7-validates-as-email\" aria-required=\"true\" aria-invalid=\"false\" value=\"\" type=\"email\" name=\"your-email\" \/><\/span>\n<\/p>\n<p>Tel\u00e9fono\n<\/p>\n<p><span class=\"wpcf7-form-control-wrap\" data-name=\"your-Telefon\"><input size=\"40\" maxlength=\"400\" class=\"wpcf7-form-control wpcf7-text\" aria-invalid=\"false\" value=\"\" type=\"text\" name=\"your-Telefon\" \/><\/span>\n<\/p>\n<p>Poblaci\u00f3n\n<\/p>\n<p><span class=\"wpcf7-form-control-wrap\" data-name=\"Poblacio\"><input size=\"40\" maxlength=\"400\" class=\"wpcf7-form-control wpcf7-text wpcf7-validates-as-required\" aria-required=\"true\" aria-invalid=\"false\" value=\"\" type=\"text\" name=\"Poblacio\" \/><\/span>\n<\/p>\n<p>N\u00ba de cajas\n<\/p>\n<p><span class=\"wpcf7-form-control-wrap\" data-name=\"your-subject\"><input size=\"40\" maxlength=\"400\" class=\"wpcf7-form-control wpcf7-text\" aria-invalid=\"false\" value=\"\" type=\"text\" name=\"your-subject\" \/><\/span>\n<\/p>\n<p>Comentario\n<\/p>\n<p><span class=\"wpcf7-form-control-wrap\" data-name=\"your-message\"><textarea cols=\"40\" rows=\"10\" maxlength=\"2000\" class=\"wpcf7-form-control wpcf7-textarea\" aria-invalid=\"false\" name=\"your-message\"><\/textarea><\/span>\n<\/p>\n<p>RGPD: <span class=\"wpcf7-form-control-wrap\" data-name=\"Accepto_RGPD\"><span class=\"wpcf7-form-control wpcf7-acceptance\"><span class=\"wpcf7-list-item\"><input type=\"checkbox\" name=\"Accepto_RGPD\" value=\"1\" aria-invalid=\"false\" \/><\/span><\/span><\/span> Yo, el Interesado, he le\u00eddo la <b>informaci\u00f3n b\u00e1sica sobre protecci\u00f3n de datos <\/b> y doy mi consentimiento expreso para el tratamiento leg\u00edtimo de mis datos personales a MAS DE LES VINYES.\n<\/p>\n\n<p><input class=\"wpcf7-form-control wpcf7-submit has-spinner\" type=\"submit\" value=\"FINALIZAR\" \/>\n<\/p>\n<div class=\"ln\">\n\t<p><b>INFORMACI\u00d3N B\u00c1SICA SOBRE PROTECCI\u00d3N DE DATOS<\/b>\n\t<\/p>\n\t<p>De conformidad con el Reglamento (UE) 2016\/679, de 27 de abril de 2016, relativo a la protecci\u00f3n de las personas f\u00edsicas en lo que respecta al tratamiento de datos personales ya la libre circulaci\u00f3n de estos datos (RGPD) y la normativa en Protecci\u00f3n de Datos que corresponda, MAS DE LES VINYES informa:\n\t<\/p>\n\t<ul>\n\t\t<li>\n\t\t\t<p><b>Responsable del Tratamiento<\/b>: Mas de Les Vinyes\u00a0<a href=\"https:\/\/www.masdelesvinyes.com\/es\/aviso-legal-y-politica-de-privacidad\/\" target=\"_blank\">+ info<\/a>\n\t\t\t<\/p>\n\t\t<\/li>\n\t\t<li>\n\t\t\t<p><b>Finalidad<\/b>: Responder a su petici\u00f3n.\n\t\t\t<\/p>\n\t\t<\/li>\n\t\t<li>\n\t\t\t<p><b>Legitimaci\u00f3n<\/b>: Consentimiento expreso del interesado.\n\t\t\t<\/p>\n\t\t<\/li>\n\t\t<li>\n\t\t\t<p><b>Destinatarios<\/b>: No se ceder\u00e1n datos a terceros salvo obligaci\u00f3n legal.<a href=\"https:\/\/www.masdelesvinyes.com\/es\/aviso-legal-y-politica-de-privacidad\/\" target=\"_blank\">+ info<\/a>\n\t\t\t<\/p>\n\t\t<\/li>\n\t\t<li>\n\t\t\t<p><b>Derechos<\/b>: Acceder, rectificar y suprimir los datos, as\u00ed como otros derechos, como se explica en la informaci\u00f3n adicional.\n\t\t\t<\/p>\n\t\t<\/li>\n\t\t<li>\n\t\t\t<p><b>M\u00e1s informaci\u00f3n<\/b>: Puede consultar la informaci\u00f3n adicional y detallada sobre nuestra pol\u00edtica de Protecci\u00f3n de Datos en nuestra p\u00e1gina web: <a href=\"https:\/\/www.masdelesvinyes.com\/es\/aviso-legal-y-politica-de-privacidad\/\" target=\"_blank\">+ info<\/a>\n\t\t\t<\/p>\n\t\t<\/li>\n\t<\/ul>\n<\/div><div class=\"wpcf7-response-output\" aria-hidden=\"true\"><\/div>\n<\/form>\n<\/div>\n\n","protected":false},"excerpt":{"rendered":"<p>MAS DE LES VINYES BLANC 2023 DO MONTSANT Mas de les Vinyes Blanc DO Montsant: Flores, Frescor y Alegr\u00eda. Informaci\u00f3n y Pedidos +652 568 848 \u00a0josep@masdelesvinyes.com<\/p>\n","protected":false},"author":5,"featured_media":2661,"parent":471,"menu_order":0,"comment_status":"closed","ping_status":"closed","template":"page-FullWidth.php","meta":{"footnotes":""},"class_list":["post-630","page","type-page","status-publish","has-post-thumbnail","hentry"],"_links":{"self":[{"href":"https:\/\/www.masdelesvinyes.com\/es\/wp-json\/wp\/v2\/pages\/630","targetHints":{"allow":["GET"]}}],"collection":[{"href":"https:\/\/www.masdelesvinyes.com\/es\/wp-json\/wp\/v2\/pages"}],"about":[{"href":"https:\/\/www.masdelesvinyes.com\/es\/wp-json\/wp\/v2\/types\/page"}],"author":[{"embeddable":true,"href":"https:\/\/www.masdelesvinyes.com\/es\/wp-json\/wp\/v2\/users\/5"}],"replies":[{"embeddable":true,"href":"https:\/\/www.masdelesvinyes.com\/es\/wp-json\/wp\/v2\/comments?post=630"}],"version-history":[{"count":30,"href":"https:\/\/www.masdelesvinyes.com\/es\/wp-json\/wp\/v2\/pages\/630\/revisions"}],"predecessor-version":[{"id":3560,"href":"https:\/\/www.masdelesvinyes.com\/es\/wp-json\/wp\/v2\/pages\/630\/revisions\/3560"}],"up":[{"embeddable":true,"href":"https:\/\/www.masdelesvinyes.com\/es\/wp-json\/wp\/v2\/pages\/471"}],"wp:featuredmedia":[{"embeddable":true,"href":"https:\/\/www.masdelesvinyes.com\/es\/wp-json\/wp\/v2\/media\/2661"}],"wp:attachment":[{"href":"https:\/\/www.masdelesvinyes.com\/es\/wp-json\/wp\/v2\/media?parent=630"}],"curies":[{"name":"wp","href":"https:\/\/api.w.org\/{rel}","templated":true}]}}