{"id":3388,"date":"2022-04-07T18:32:31","date_gmt":"2022-04-07T18:32:31","guid":{"rendered":"https:\/\/www.masdelesvinyes.com\/?page_id=3388"},"modified":"2022-04-08T09:04:33","modified_gmt":"2022-04-08T09:04:33","slug":"raco-datans","status":"publish","type":"page","link":"https:\/\/www.masdelesvinyes.com\/es\/vinos-do-montsant\/raco-datans\/","title":{"rendered":"RAC\u00d3 D&#8217;ATANS CRIAN\u00c7A 2015 DO MONTSANT"},"content":{"rendered":"<h1>RAC\u00d3 D&#8217;ATANS CRIAN\u00c7A 2015 DO MONTSANT<\/h1>\n<p style=\"text-align: center;\"><div class=\"divider\"><\/div>\n<div class=\"one_fourth\">\n<img loading=\"lazy\" decoding=\"async\" class=\"aligncenter wp-image-2686 size-large\" style=\"margin-top: 2px; margin-bottom: 2px;\" title=\"vi crian\u00e7a do montsant\" src=\"https:\/\/www.masdelesvinyes.com\/wp-content\/uploads\/2021\/06\/Raco-dAtans-Mas-de-les-vinyes-do-montsant.jpg\" alt=\"\" width=\"315\" height=\"1024\" \/> <a href=\"http:\/\/www.masdelesvinyes.com\/wp-content\/uploads\/2014\/02\/do_montsant.jpg\" rel=\"wp-prettyPhoto[3388]\" data-rel=\"lightbox-image-0\" data-rl_title=\"\" data-rl_caption=\"\" title=\"\"><img loading=\"lazy\" decoding=\"async\" class=\"wp-image-104 aligncenter\" style=\"margin-top: 2px; margin-bottom: 2px;\" src=\"http:\/\/www.masdelesvinyes.com\/wp-content\/uploads\/2014\/02\/do_montsant.jpg\" alt=\"Vinos DO Montsant\" width=\"122\" height=\"32\" \/><\/a><br \/>\n<\/div>\n<div class=\"three_fourth last_column\">\n<strong>Rac\u00f3 \u00a0d&#8217;Atans<\/strong> es un gran ejemplo de paso de tiempo hecho con elegancia , reposo y calidad. Este <strong>Vino Tinto Crianza Montsant<\/strong> mantiene el vigor de un vino corpulento , complejo, propio de nuestras tierras a pesar de sus a\u00f1os de envejecimiento primero en barricas y posteriormente en botella. El camino por recorrer de este vino es un aspecto fascinante de la evoluci\u00f3n de las vi\u00f1as viejas de Cabernet Sauvignon . Ideal para disfrutar con carnes rojas , carnes de caza , estofados y cualquier tipo de plato con la esencia de la cocina de toda la vida. \n<table class=\"custom-table\"  class=\"custom-table\" summary=\"Sample Table\">\n<thead>\n<tr>\n<th scope=\"col\">Vino Montsant DO<\/th>\n<th scope=\"col\">Coupage<\/th>\n<th scope=\"col\">Nota de Cata<\/th>\n<th scope=\"col\">%Vol<\/th>\n<\/tr>\n<\/thead>\n<tbody>\n<tr>\n<td>Vino Tinto Crianza<\/td>\n<td>Cabernet Sauvignon, Merlot, Syrah.<\/td>\n<td>De color granate, en nariz con una mezcla de especias ( canela, vainilla ) y frutas ( cereza , fresa, mora ) muy bien armonizada. Una entrada en boca melosa con un paso corpulento y con unos taninos potentes pero muy maduros. Equilibrio entre el vino y la barrica .<\/td>\n<td>15\u00ba<\/td>\n<\/tr>\n<tr>\n<td><\/td>\n<td><\/td>\n<td><strong>\u00a0Crianza: 12 meses en barrica de roble franc\u00e9s<\/strong><\/td>\n<td><\/td>\n<\/tr>\n<tr>\n<td><\/td>\n<td><\/td>\n<td><\/td>\n<td><\/td>\n<\/tr>\n<\/tbody>\n<tfoot>\n<tr>\n<td colspan=\"4\">\n<p style=\"text-align: right;\">*Transport incl\u00f2s.<\/p>\n<p>Vendimia: Octubre Producci\u00f3n anual: 6.500 botellas.<\/td>\n<\/tr>\n<\/tfoot>\n<\/table>\n\n<\/div>\n<div class=\"divider\"><\/div>\n<p style=\"text-align: center;\"><span style=\"font-size: 20px; color: #423f36; line-height: 26px;\">Rac\u00f3 d&#8217;Atans Crian\u00e7a DO Montsant: Elegancia, paso del Tiempo y Equilibrio<\/span><\/p>\n<div class=\"divider\"><\/div>\n<p style=\"text-align: center;\"><span style=\"font-size: 32px; color: #969178; line-height: 40px;\">Informaci\u00f3n y Reservas<\/span><\/p>\n<p style=\"text-align: center;\"><span style=\"font-size: 32px; color: #000000; line-height: 40px;\">652 568 848<\/span><br \/>\n<span style=\"color: #000000; font-size: 16px;\"><span style=\"color: #000000; line-height: 24px; margin-right: 0px;\">\u00a0<a title=\"Comprar Vinos Montsant\" href=\"mailto:josep@masdelesvinyes.com\">josep@masdelesvinyes.com<\/a><\/span><\/span><\/p>\n<p style=\"text-align: center;\">\n<div class=\"wpcf7 no-js\" id=\"wpcf7-f2472-o1\" lang=\"ca\" dir=\"ltr\" data-wpcf7-id=\"2472\">\n<div class=\"screen-reader-response\"><p role=\"status\" aria-live=\"polite\" aria-atomic=\"true\"><\/p> <ul><\/ul><\/div>\n<form action=\"\/es\/wp-json\/wp\/v2\/pages\/3388#wpcf7-f2472-o1\" method=\"post\" class=\"wpcf7-form init\" aria-label=\"Formulari de contacte\" novalidate=\"novalidate\" data-status=\"init\">\n<fieldset class=\"hidden-fields-container\"><input type=\"hidden\" name=\"_wpcf7\" value=\"2472\" \/><input type=\"hidden\" name=\"_wpcf7_version\" value=\"6.1.5\" \/><input type=\"hidden\" name=\"_wpcf7_locale\" value=\"ca\" \/><input type=\"hidden\" name=\"_wpcf7_unit_tag\" value=\"wpcf7-f2472-o1\" \/><input type=\"hidden\" name=\"_wpcf7_container_post\" value=\"0\" \/><input type=\"hidden\" name=\"_wpcf7_posted_data_hash\" value=\"\" \/><input type=\"hidden\" name=\"_wpcf7_recaptcha_response\" value=\"\" \/>\n<\/fieldset>\n<p>Nombre completo*\n<\/p>\n<p><span class=\"wpcf7-form-control-wrap\" data-name=\"your-name\"><input size=\"40\" maxlength=\"400\" class=\"wpcf7-form-control wpcf7-text wpcf7-validates-as-required\" aria-required=\"true\" aria-invalid=\"false\" value=\"\" type=\"text\" name=\"your-name\" \/><\/span>\n<\/p>\n<p>Email*\n<\/p>\n<p><span class=\"wpcf7-form-control-wrap\" data-name=\"your-email\"><input size=\"40\" maxlength=\"400\" class=\"wpcf7-form-control wpcf7-email wpcf7-validates-as-required wpcf7-text wpcf7-validates-as-email\" aria-required=\"true\" aria-invalid=\"false\" value=\"\" type=\"email\" name=\"your-email\" \/><\/span>\n<\/p>\n<p>Tel\u00e9fono\n<\/p>\n<p><span class=\"wpcf7-form-control-wrap\" data-name=\"your-Telefon\"><input size=\"40\" maxlength=\"400\" class=\"wpcf7-form-control wpcf7-text\" aria-invalid=\"false\" value=\"\" type=\"text\" name=\"your-Telefon\" \/><\/span>\n<\/p>\n<p>Poblaci\u00f3n\n<\/p>\n<p><span class=\"wpcf7-form-control-wrap\" data-name=\"Poblacio\"><input size=\"40\" maxlength=\"400\" class=\"wpcf7-form-control wpcf7-text wpcf7-validates-as-required\" aria-required=\"true\" aria-invalid=\"false\" value=\"\" type=\"text\" name=\"Poblacio\" \/><\/span>\n<\/p>\n<p>N\u00ba de cajas\n<\/p>\n<p><span class=\"wpcf7-form-control-wrap\" data-name=\"your-subject\"><input size=\"40\" maxlength=\"400\" class=\"wpcf7-form-control wpcf7-text\" aria-invalid=\"false\" value=\"\" type=\"text\" name=\"your-subject\" \/><\/span>\n<\/p>\n<p>Comentario\n<\/p>\n<p><span class=\"wpcf7-form-control-wrap\" data-name=\"your-message\"><textarea cols=\"40\" rows=\"10\" maxlength=\"2000\" class=\"wpcf7-form-control wpcf7-textarea\" aria-invalid=\"false\" name=\"your-message\"><\/textarea><\/span>\n<\/p>\n<p>RGPD: <span class=\"wpcf7-form-control-wrap\" data-name=\"Accepto_RGPD\"><span class=\"wpcf7-form-control wpcf7-acceptance\"><span class=\"wpcf7-list-item\"><input type=\"checkbox\" name=\"Accepto_RGPD\" value=\"1\" aria-invalid=\"false\" \/><\/span><\/span><\/span> Yo, el Interesado, he le\u00eddo la <b>informaci\u00f3n b\u00e1sica sobre protecci\u00f3n de datos <\/b> y doy mi consentimiento expreso para el tratamiento leg\u00edtimo de mis datos personales a MAS DE LES VINYES.\n<\/p>\n\n<p><input class=\"wpcf7-form-control wpcf7-submit has-spinner\" type=\"submit\" value=\"FINALIZAR\" \/>\n<\/p>\n<div class=\"ln\">\n\t<p><b>INFORMACI\u00d3N B\u00c1SICA SOBRE PROTECCI\u00d3N DE DATOS<\/b>\n\t<\/p>\n\t<p>De conformidad con el Reglamento (UE) 2016\/679, de 27 de abril de 2016, relativo a la protecci\u00f3n de las personas f\u00edsicas en lo que respecta al tratamiento de datos personales ya la libre circulaci\u00f3n de estos datos (RGPD) y la normativa en Protecci\u00f3n de Datos que corresponda, MAS DE LES VINYES informa:\n\t<\/p>\n\t<ul>\n\t\t<li>\n\t\t\t<p><b>Responsable del Tratamiento<\/b>: Mas de Les Vinyes\u00a0<a href=\"https:\/\/www.masdelesvinyes.com\/es\/aviso-legal-y-politica-de-privacidad\/\" target=\"_blank\">+ info<\/a>\n\t\t\t<\/p>\n\t\t<\/li>\n\t\t<li>\n\t\t\t<p><b>Finalidad<\/b>: Responder a su petici\u00f3n.\n\t\t\t<\/p>\n\t\t<\/li>\n\t\t<li>\n\t\t\t<p><b>Legitimaci\u00f3n<\/b>: Consentimiento expreso del interesado.\n\t\t\t<\/p>\n\t\t<\/li>\n\t\t<li>\n\t\t\t<p><b>Destinatarios<\/b>: No se ceder\u00e1n datos a terceros salvo obligaci\u00f3n legal.<a href=\"https:\/\/www.masdelesvinyes.com\/es\/aviso-legal-y-politica-de-privacidad\/\" target=\"_blank\">+ info<\/a>\n\t\t\t<\/p>\n\t\t<\/li>\n\t\t<li>\n\t\t\t<p><b>Derechos<\/b>: Acceder, rectificar y suprimir los datos, as\u00ed como otros derechos, como se explica en la informaci\u00f3n adicional.\n\t\t\t<\/p>\n\t\t<\/li>\n\t\t<li>\n\t\t\t<p><b>M\u00e1s informaci\u00f3n<\/b>: Puede consultar la informaci\u00f3n adicional y detallada sobre nuestra pol\u00edtica de Protecci\u00f3n de Datos en nuestra p\u00e1gina web: <a href=\"https:\/\/www.masdelesvinyes.com\/es\/aviso-legal-y-politica-de-privacidad\/\" target=\"_blank\">+ info<\/a>\n\t\t\t<\/p>\n\t\t<\/li>\n\t<\/ul>\n<\/div><div class=\"wpcf7-response-output\" aria-hidden=\"true\"><\/div>\n<\/form>\n<\/div>\n\n","protected":false},"excerpt":{"rendered":"<p>RAC\u00d3 D&#8217;ATANS CRIAN\u00c7A 2015 DO MONTSANT Rac\u00f3 d&#8217;Atans Crian\u00e7a DO Montsant: Elegancia, paso del Tiempo y Equilibrio Informaci\u00f3n y Reservas 652 568 848 \u00a0josep@masdelesvinyes.com<\/p>\n","protected":false},"author":5,"featured_media":0,"parent":471,"menu_order":0,"comment_status":"closed","ping_status":"closed","template":"page-FullWidth.php","meta":{"footnotes":""},"class_list":["post-3388","page","type-page","status-publish","hentry"],"_links":{"self":[{"href":"https:\/\/www.masdelesvinyes.com\/es\/wp-json\/wp\/v2\/pages\/3388","targetHints":{"allow":["GET"]}}],"collection":[{"href":"https:\/\/www.masdelesvinyes.com\/es\/wp-json\/wp\/v2\/pages"}],"about":[{"href":"https:\/\/www.masdelesvinyes.com\/es\/wp-json\/wp\/v2\/types\/page"}],"author":[{"embeddable":true,"href":"https:\/\/www.masdelesvinyes.com\/es\/wp-json\/wp\/v2\/users\/5"}],"replies":[{"embeddable":true,"href":"https:\/\/www.masdelesvinyes.com\/es\/wp-json\/wp\/v2\/comments?post=3388"}],"version-history":[{"count":1,"href":"https:\/\/www.masdelesvinyes.com\/es\/wp-json\/wp\/v2\/pages\/3388\/revisions"}],"predecessor-version":[{"id":3391,"href":"https:\/\/www.masdelesvinyes.com\/es\/wp-json\/wp\/v2\/pages\/3388\/revisions\/3391"}],"up":[{"embeddable":true,"href":"https:\/\/www.masdelesvinyes.com\/es\/wp-json\/wp\/v2\/pages\/471"}],"wp:attachment":[{"href":"https:\/\/www.masdelesvinyes.com\/es\/wp-json\/wp\/v2\/media?parent=3388"}],"curies":[{"name":"wp","href":"https:\/\/api.w.org\/{rel}","templated":true}]}}